{"id":1802,"date":"2019-06-19T17:41:14","date_gmt":"2019-06-19T15:41:14","guid":{"rendered":"http:\/\/theskinboutique.de\/?page_id=1802"},"modified":"2026-08-22T12:45:17","modified_gmt":"2026-08-22T10:45:17","slug":"dermaplaning","status":"publish","type":"page","link":"https:\/\/theskinboutique.de\/de\/dermaplaning\/","title":{"rendered":"THE DERMAPLANING FACIAL"},"content":{"rendered":"<div id='av_section_1'  class='avia-section main_color avia-section-default avia-no-border-styling  avia-bg-style-scroll  avia-builder-el-0  el_before_av_section  avia-builder-el-first   container_wrap fullsize' style='background-color: rgba(127,89,0,0.03);  '  ><div class='container' ><main  role=\"main\" itemprop=\"mainContentOfPage\"  class='template-page content  av-content-full alpha units'><div class='post-entry post-entry-type-page post-entry-1802'><div class='entry-content-wrapper clearfix'>\n<div class=\"flex_column av_one_half  flex_column_div av-zero-column-padding first  avia-builder-el-1  el_before_av_one_half  avia-builder-el-first  \" style='border-radius:0px; '><div  class='avia-image-container avia_animated_image avia_animate_when_almost_visible fade-in av-styling-    avia-builder-el-2  avia-builder-el-no-sibling  image-shadow avia-align-center '  itemprop=\"image\" itemscope=\"itemscope\" itemtype=\"https:\/\/schema.org\/ImageObject\"  ><div class='avia-image-container-inner'><div class='avia-image-overlay-wrap'><img loading=\"lazy\" decoding=\"async\" class='wp-image-11329 avia-img-lazy-loading-11329 avia_image' src=\"https:\/\/theskinboutique.de\/wp-content\/uploads\/2026\/04\/untitled-7-691x1030.jpg\" alt='' title='Dermaplaning Facial' height=\"1030\" width=\"691\"  itemprop=\"thumbnailUrl\" srcset=\"https:\/\/theskinboutique.de\/wp-content\/uploads\/2026\/04\/untitled-7-691x1030.jpg 691w, https:\/\/theskinboutique.de\/wp-content\/uploads\/2026\/04\/untitled-7-201x300.jpg 201w, https:\/\/theskinboutique.de\/wp-content\/uploads\/2026\/04\/untitled-7-768x1145.jpg 768w, https:\/\/theskinboutique.de\/wp-content\/uploads\/2026\/04\/untitled-7-1030x1536.jpg 1030w, https:\/\/theskinboutique.de\/wp-content\/uploads\/2026\/04\/untitled-7-1374x2048.jpg 1374w, https:\/\/theskinboutique.de\/wp-content\/uploads\/2026\/04\/untitled-7-8x12.jpg 8w, https:\/\/theskinboutique.de\/wp-content\/uploads\/2026\/04\/untitled-7-1006x1500.jpg 1006w, https:\/\/theskinboutique.de\/wp-content\/uploads\/2026\/04\/untitled-7-473x705.jpg 473w, https:\/\/theskinboutique.de\/wp-content\/uploads\/2026\/04\/untitled-7.jpg 1696w\" sizes=\"auto, (max-width: 691px) 100vw, 691px\" \/><\/div><\/div><\/div><\/div><div class=\"flex_column av_one_half  flex_column_div av-zero-column-padding   avia-builder-el-3  el_after_av_one_half  el_before_av_hr  \" style='border-radius:0px; '><section class=\"av_textblock_section \"  itemscope=\"itemscope\" itemtype=\"https:\/\/schema.org\/CreativeWork\" ><div class='avia_textblock  '   itemprop=\"text\" ><div style=\"max-width: 760px;\">\n<div style=\"font-family: Arial, Helvetica, sans-serif; font-size: 10px; font-weight: 400; letter-spacing: 0.18em; text-transform: uppercase; color: #a8a5a0; margin-bottom: 20px;\">SKIN REFINEMENT<\/div>\n<h2 style=\"font-family: Georgia, 'Times New Roman', serif; font-size: 31px; font-weight: 400; line-height: 1.18; color: #252525; margin: 0 0 18px 0;\">The Dermaplaning Facial<\/h2>\n<div style=\"font-family: Arial, Helvetica, sans-serif; font-size: 12px; font-weight: 300; line-height: 1.6; color: #66615c; margin: 0 0 28px 0;\">Skin Refinement &amp; Enhanced Absorption<\/div>\n<\/div>\n<\/div><\/section><br \/>\n<div   class='hr hr-default   avia-builder-el-5  el_after_av_textblock  el_before_av_textblock '><span class='hr-inner ' ><span class='hr-inner-style'><\/span><\/span><\/div><br \/>\n<section class=\"av_textblock_section \"  itemscope=\"itemscope\" itemtype=\"https:\/\/schema.org\/CreativeWork\" ><div class='avia_textblock  '   itemprop=\"text\" ><div style=\"max-width: 760px; font-family: Arial, Helvetica, sans-serif; font-size: 14px; font-weight: 300; line-height: 1.8; color: #45413e;\">\n<p style=\"margin: 0 0 16px 0;\">F\u00fcr Haut, die sofort glatter, klarer und feiner wirken soll. Dermaplaning verfeinert die Hautoberfl\u00e4che pr\u00e4zise und entfernt oberfl\u00e4chliche Verhornungen sowie feine Gesichtsh\u00e4rchen.<\/p>\n<p style=\"margin: 0 0 16px 0;\">Die Haut reflektiert Licht anschlie\u00dfend gleichm\u00e4\u00dfiger, wirkt frischer und schafft eine besonders ruhige Grundlage f\u00fcr Pflege und Make-up.<\/p>\n<p style=\"margin: 0 0 16px 0;\">Auch die anschlie\u00dfende Wirkstoffpflege kann auf der verfeinerten Oberfl\u00e4che gezielter eingesetzt werden \u2013 ein Grund, warum Dermaplaning fester Bestandteil des The Skin Method Facial ist.<\/p>\n<p style=\"margin: 0; color: #66615c; font-style: italic;\">Als eigenst\u00e4ndiges Facial oder als gezielte Erg\u00e4nzung ausgew\u00e4hlter Treatments<\/p>\n<\/div>\n<\/div><\/section><br \/>\n<div   class='hr hr-default   avia-builder-el-7  el_after_av_textblock  el_before_av_toggle_container '><span class='hr-inner ' ><span class='hr-inner-style'><\/span><\/span><\/div><br \/>\n<div  class=\"togglecontainer  av-minimal-toggle toggle_close_all  avia-builder-el-8  el_after_av_hr  el_before_av_hr \" >\n<section class=\"av_toggle_section\"  itemscope=\"itemscope\" itemtype=\"https:\/\/schema.org\/CreativeWork\"  >    <div role=\"tablist\" class=\"single_toggle\" data-tags=\"{Alle} \"  >        <p data-fake-id=\"#toggle-id-1\" class=\"toggler  hasCustomColor av-inherit-font-color  av-inherit-border-color \"  itemprop=\"headline\"  style='background-color: #e9e8e4; color: #3C3C3C; border-color: #D8D6D1; '  role=\"tab\" tabindex=\"0\" aria-controls=\"toggle-id-1\">DIE BEHANDLUNG<span class=\"toggle_icon\" style='border-color:#3C3C3C;'>        <span class=\"vert_icon\"><\/span><span class=\"hor_icon\"><\/span><\/span><\/p>        <div id=\"toggle-id-1\" class=\"toggle_wrap \"  >            <div class=\"toggle_content invers-color  av-inherit-font-color  av-inherit-border-color \"  itemprop=\"text\"  style='background-color: #e9e8e4; color: #3C3C3C; border-color: #D8D6D1; ' ><p>Zu Beginn wird die Haut sorgf\u00e4ltig gereinigt und vorbereitet.<\/p>\n<p>Anschlie\u00dfend wird die Oberfl\u00e4che mit einer pr\u00e4zise gef\u00fchrten Klinge kontrolliert bearbeitet. Dabei werden abgestorbene Hautzellen und feine Gesichtsh\u00e4rchen gleichm\u00e4\u00dfig entfernt.<\/p>\n<p>Die Intensit\u00e4t wird an Hautzustand und Empfindlichkeit angepasst. Abschlie\u00dfend wird die Haut beruhigt und gezielt versorgt.<\/p>\n            <\/div>        <\/div>    <\/div><\/section>\n<section class=\"av_toggle_section\"  itemscope=\"itemscope\" itemtype=\"https:\/\/schema.org\/CreativeWork\"  >    <div role=\"tablist\" class=\"single_toggle\" data-tags=\"{Alle} \"  >        <p data-fake-id=\"#toggle-id-2\" class=\"toggler  hasCustomColor av-inherit-font-color  av-inherit-border-color \"  itemprop=\"headline\"  style='background-color: #e9e8e4; color: #3C3C3C; border-color: #D8D6D1; '  role=\"tab\" tabindex=\"0\" aria-controls=\"toggle-id-2\">PREIS &amp; DAUER<span class=\"toggle_icon\" style='border-color:#3C3C3C;'>        <span class=\"vert_icon\"><\/span><span class=\"hor_icon\"><\/span><\/span><\/p>        <div id=\"toggle-id-2\" class=\"toggle_wrap \"  >            <div class=\"toggle_content invers-color  av-inherit-font-color  av-inherit-border-color \"  itemprop=\"text\"  style='background-color: #e9e8e4; color: #3C3C3C; border-color: #D8D6D1; ' ><p class=\"p1\">60 min | 165<\/p>\n            <\/div>        <\/div>    <\/div><\/section>\n<section class=\"av_toggle_section\"  itemscope=\"itemscope\" itemtype=\"https:\/\/schema.org\/CreativeWork\"  >    <div role=\"tablist\" class=\"single_toggle\" data-tags=\"{Alle} \"  >        <p data-fake-id=\"#toggle-id-3\" class=\"toggler  hasCustomColor av-inherit-font-color  av-inherit-border-color \"  itemprop=\"headline\"  style='background-color: #e9e8e4; color: #3C3C3C; border-color: #D8D6D1; '  role=\"tab\" tabindex=\"0\" aria-controls=\"toggle-id-3\">GEEIGNET F\u00dcR<span class=\"toggle_icon\" style='border-color:#3C3C3C;'>        <span class=\"vert_icon\"><\/span><span class=\"hor_icon\"><\/span><\/span><\/p>        <div id=\"toggle-id-3\" class=\"toggle_wrap \"  >            <div class=\"toggle_content invers-color  av-inherit-font-color  av-inherit-border-color \"  itemprop=\"text\"  style='background-color: #e9e8e4; color: #3C3C3C; border-color: #D8D6D1; ' ><p class=\"p1\">Geeignet f\u00fcr Haut, die an Klarheit, Struktur und Ebenm\u00e4\u00dfigkeit gewinnen soll.<\/p>\n<p class=\"p1\">Besonders sinnvoll bei fahler, unruhiger oder verdickter Hautstruktur sowie bei Haut, die Wirkstoffe nicht optimal aufnehmen kann.<\/p>\n<p class=\"p1\">Nicht geeignet bei akut entz\u00fcndlichen Hautzust\u00e4nden.<\/p>\n            <\/div>        <\/div>    <\/div><\/section>\n<section class=\"av_toggle_section\"  itemscope=\"itemscope\" itemtype=\"https:\/\/schema.org\/CreativeWork\"  >    <div role=\"tablist\" class=\"single_toggle\" data-tags=\"{Alle} \"  >        <p data-fake-id=\"#toggle-id-4\" class=\"toggler  hasCustomColor av-inherit-font-color  av-inherit-border-color \"  itemprop=\"headline\"  style='background-color: #e9e8e4; color: #3C3C3C; border-color: #D8D6D1; '  role=\"tab\" tabindex=\"0\" aria-controls=\"toggle-id-4\">ERGEBNISSE<span class=\"toggle_icon\" style='border-color:#3C3C3C;'>        <span class=\"vert_icon\"><\/span><span class=\"hor_icon\"><\/span><\/span><\/p>        <div id=\"toggle-id-4\" class=\"toggle_wrap \"  >            <div class=\"toggle_content invers-color  av-inherit-font-color  av-inherit-border-color \"  itemprop=\"text\"  style='background-color: #e9e8e4; color: #3C3C3C; border-color: #D8D6D1; ' ><p>Die Hautoberfl\u00e4che wirkt unmittelbar glatter und gleichm\u00e4\u00dfiger. Feine Unebenheiten erscheinen reduziert und die Haut erh\u00e4lt eine klarere, ruhigere Gesamtwirkung.<\/p>\n<p>Durch die Entfernung feiner Gesichtsh\u00e4rchen wirkt die Oberfl\u00e4che besonders ebenm\u00e4\u00dfig und reflektiert Licht gleichm\u00e4\u00dfiger.<\/p>\n<p>In den ersten Tagen nach der Behandlung sollte die Haut konsequent vor intensiver UV-Strahlung gesch\u00fctzt und reizarm gepflegt werden.<\/p>\n            <\/div>        <\/div>    <\/div><\/section>\n<\/div><br \/>\n<div  style='height:75px' class='hr hr-invisible   avia-builder-el-9  el_after_av_toggle_container  el_before_av_button '><span class='hr-inner ' ><span class='hr-inner-style'><\/span><\/span><\/div><br \/>\n<div  class='avia-button-wrap avia-button-center  avia-builder-el-10  el_after_av_hr  avia-builder-el-last ' ><a href=\"https:\/\/theskinboutique.salonized.com\/widget_bookings\/new?widget_id=9QTiyTjKnuWS6QXNv1DQmE7q\" class=\"avia-button  avia-color-theme-color  avia-font-color-theme-color  avia-icon_select-no avia-size-large avia-position-center \" target=\"_blank\" rel=\"noopener noreferrer\"><span class='avia_iconbox_title' >TERMIN BUCHEN<\/span><span class='avia_button_background avia-button avia-color-theme-color-highlight' ><\/span><\/a><\/div><\/p><\/div><div  style='height:75px' class='hr hr-invisible   avia-builder-el-11  el_after_av_one_half  avia-builder-el-last '><span class='hr-inner ' ><span class='hr-inner-style'><\/span><\/span><\/div>\n\n<\/div><\/div><\/main><!-- close content main element --><\/div><\/div><div id='av_section_2'  class='avia-section main_color avia-section-default avia-no-border-styling  avia-bg-style-scroll  avia-builder-el-12  el_after_av_section  avia-builder-el-last   container_wrap fullsize' style='background-color: #181818;  '  ><div class='container' ><div class='template-page content  av-content-full alpha units'><div class='post-entry post-entry-type-page post-entry-1802'><div class='entry-content-wrapper clearfix'>\n<div class=\"flex_column av_one_third  flex_column_div av-zero-column-padding first  avia-builder-el-13  el_before_av_one_third  avia-builder-el-first  \" style='border-radius:0px; '><section class=\"av_textblock_section \"  itemscope=\"itemscope\" itemtype=\"https:\/\/schema.org\/CreativeWork\" ><div class='avia_textblock  '   itemprop=\"text\" ><h6><span style=\"color: #f5f4f0;\">NAVIGATION<\/span><\/h6>\n<p><span style=\"color: #e8e6e1;\"><a style=\"color: #e8e6e1;\" href=\"https:\/\/theskinboutique.de\/catalogue\/\">Shop<\/a><\/span><\/p>\n<p><span style=\"color: #e8e6e1;\"><a style=\"color: #e8e6e1;\" href=\"https:\/\/theskinboutique.de\/exklusive-anti-aging-behandlung\/\">Skin Method<\/a><\/span><\/p>\n<p><span style=\"color: #e8e6e1;\"><a style=\"color: #e8e6e1;\" href=\"https:\/\/theskinboutique.de\/new-client-facial-individuelle-gesichtsbehandlung\/\">Treatments<\/a><\/span><\/p>\n<p><span style=\"color: #e8e6e1;\"><a style=\"color: #e8e6e1;\" href=\"https:\/\/theskinboutique.de\/hautprobleme-hamburg\/\">Skin Concerns<\/a><\/span><\/p>\n<p><span style=\"color: #e8e6e1;\"><a style=\"color: #e8e6e1;\" href=\"https:\/\/theskinboutique.de\/journal\/\">Journal<\/a><\/span><\/p>\n<p><span style=\"color: #e8e6e1;\"><a style=\"color: #e8e6e1;\" href=\"https:\/\/theskinboutique.de\/contact\/\">Contact<\/a><\/span><\/p>\n<p><span style=\"color: #e8e6e1;\"><a style=\"color: #e8e6e1;\" href=\"https:\/\/theskinboutique.de\/impressum-disclaimer\/\">Impressum<\/a><\/span><\/p>\n<\/div><\/section><\/div><div class=\"flex_column av_one_third  flex_column_div av-zero-column-padding   avia-builder-el-15  el_after_av_one_third  el_before_av_one_third  \" style='border-radius:0px; '><section class=\"av_textblock_section \"  itemscope=\"itemscope\" itemtype=\"https:\/\/schema.org\/CreativeWork\" ><div class='avia_textblock  '   itemprop=\"text\" ><h6><span style=\"color: #f5f4f0;\">VISIT<\/span><\/h6>\n<p><span style=\"color: #e8e6e1;\"><a style=\"color: #e8e6e1;\" href=\"https:\/\/theskinboutique.salonized.com\/widget_bookings\/new\" target=\"_blank\" rel=\"noopener\">By Appointment Only<\/a><\/span><\/p>\n<p><span style=\"color: #e8e6e1;\"><a style=\"color: #e8e6e1;\" href=\"https:\/\/www.google.com\/maps\/place\/Peter-Marquard-Stra\u00dfe+1,+22303+Hamburg-Nord\/@53.5828369,10.0085977,17z\/data=!3m1!4b1!4m6!3m5!1s0x47b188d5f35d0fcf:0x644007b99a744b42!8m2!3d53.5828369!4d10.0111726!16s%2Fg%2F11rgcys1lq?entry=ttu&amp;g_ep=EgoyMDI2MDYwMS4wIKXMDSoASAFQAw%3D%3D\" target=\"_blank\" rel=\"noopener\">Hamburg \u00b7 Winterhude<\/a><\/span><\/p>\n<\/div><\/section><\/div><div class=\"flex_column av_one_third  flex_column_div av-zero-column-padding   avia-builder-el-17  el_after_av_one_third  el_before_av_one_full  \" style='border-radius:0px; '><section class=\"av_textblock_section \"  itemscope=\"itemscope\" itemtype=\"https:\/\/schema.org\/CreativeWork\" ><div class='avia_textblock  '   itemprop=\"text\" ><h6><span style=\"color: #f5f4f0;\">CONNECT<\/span><\/h6>\n<p><span style=\"color: #e8e6e1;\"><a style=\"color: #e8e6e1;\" href=\"https:\/\/www.instagram.com\/tsbhamburg\/\" target=\"_blank\" rel=\"noopener\">Instagram <\/a><\/span><\/p>\n<p><span style=\"color: #e8e6e1;\"><a style=\"color: #e8e6e1;\" href=\"https:\/\/www.linkedin.com\/in\/mia-tiedemann\/\" target=\"_blank\" rel=\"noopener\">LinkedIn<\/a><\/span><\/p>\n<\/div><\/section><\/div><div class=\"flex_column av_one_full  flex_column_div av-zero-column-padding first  avia-builder-el-19  el_after_av_one_third  avia-builder-el-last  column-top-margin\" style='border-radius:0px; '><\/div>\n","protected":false},"excerpt":{"rendered":"","protected":false},"author":5,"featured_media":9868,"parent":0,"menu_order":0,"comment_status":"closed","ping_status":"closed","template":"","meta":{"footnotes":""},"class_list":["post-1802","page","type-page","status-publish","has-post-thumbnail","hentry"],"_links":{"self":[{"href":"https:\/\/theskinboutique.de\/de\/wp-json\/wp\/v2\/pages\/1802","targetHints":{"allow":["GET"]}}],"collection":[{"href":"https:\/\/theskinboutique.de\/de\/wp-json\/wp\/v2\/pages"}],"about":[{"href":"https:\/\/theskinboutique.de\/de\/wp-json\/wp\/v2\/types\/page"}],"author":[{"embeddable":true,"href":"https:\/\/theskinboutique.de\/de\/wp-json\/wp\/v2\/users\/5"}],"replies":[{"embeddable":true,"href":"https:\/\/theskinboutique.de\/de\/wp-json\/wp\/v2\/comments?post=1802"}],"version-history":[{"count":20,"href":"https:\/\/theskinboutique.de\/de\/wp-json\/wp\/v2\/pages\/1802\/revisions"}],"predecessor-version":[{"id":12591,"href":"https:\/\/theskinboutique.de\/de\/wp-json\/wp\/v2\/pages\/1802\/revisions\/12591"}],"wp:featuredmedia":[{"embeddable":true,"href":"https:\/\/theskinboutique.de\/de\/wp-json\/wp\/v2\/media\/9868"}],"wp:attachment":[{"href":"https:\/\/theskinboutique.de\/de\/wp-json\/wp\/v2\/media?parent=1802"}],"curies":[{"name":"wp","href":"https:\/\/api.w.org\/{rel}","templated":true}]}}